{"id":2371,"date":"2018-05-30T07:46:02","date_gmt":"2018-05-30T07:46:02","guid":{"rendered":"http:\/\/www.asthoncargo.es\/web\/?page_id=2371"},"modified":"2023-02-01T09:30:05","modified_gmt":"2023-02-01T09:30:05","slug":"politica-de-privacidad","status":"publish","type":"page","link":"http:\/\/www.asthoncargo.es\/web\/en\/politica-de-privacidad\/","title":{"rendered":"POL\u00cdTICA DE PRIVACIDAD"},"content":{"rendered":"<p class=\"p2\"><span class=\"s1\"><b>Responsable del tratamiento de datos personales en funci\u00f3n de la oficina seleccionada:<\/b><\/span><\/p>\n<p class=\"p2\"><b> <\/b><span class=\"s2\"><b>Madrid:<\/b><\/span><\/p>\n<ul class=\"ul1\">\n<li class=\"li2\"><span class=\"s1\"><b>Identidad del Responsable:<\/b>\u00a0Asthon Cargo Valencia, S.L.<\/span><\/li>\n<li class=\"li2\"><span class=\"s1\"><b>NIF\/CIF:<\/b>\u00a0B96981949<\/span><\/li>\n<li class=\"li2\"><span class=\"s1\"><b>Direcci\u00f3n:<\/b>\u00a0Av. de Francia, 161 \u2013 Bajo, 46024 &#8211;<span class=\"Apple-converted-space\">\u00a0\u00a0<\/span>Valencia<\/span><\/li>\n<li class=\"li5\"><span class=\"s7\"><b>Correo electr\u00f3nico:<\/b>\u00a0<a href=\"mailto:valencia@asthoncargo.net\"><span class=\"s8\">valencia@asthoncargo.net<\/span><\/a><\/span><\/li>\n<li class=\"li2\"><span class=\"s1\"><b>Actividad:<\/b>\u00a0transporte internacional de mercanc\u00edas especializada en carga a\u00e9rea, mar\u00edtima y terrestre<\/span><\/li>\n<\/ul>\n<p class=\"p4\"><span class=\"s2\"><b>Barcelona:<\/b><\/span><\/p>\n<ul class=\"ul1\">\n<li class=\"li2\"><span class=\"s1\"><b>Identidad del Responsable:<\/b>\u00a0Asthon Cargo Barcelona, S.L.<\/span><\/li>\n<li class=\"li2\"><span class=\"s1\"><b>NIF\/CIF:<\/b>\u00a0B66911520<\/span><\/li>\n<li class=\"li2\"><span class=\"s1\"><b>Direcci\u00f3n:<\/b>\u00a0C\/ Joan D&#8217;austria Num.126 P.4 Pta.1 \u00a008018\u00a0 &#8211; Barcelona<\/span><\/li>\n<li class=\"li5\"><span class=\"s7\"><b>Correo electr\u00f3nico:<\/b>\u00a0<a href=\"mailto:asthonbcn@asthoncargo.cat\"><span class=\"s8\">asthonbcn@asthoncargo.cat<\/span><\/a><\/span><\/li>\n<li class=\"li2\"><span class=\"s1\"><b>Actividad:<\/b>\u00a0transporte internacional de mercanc\u00edas especializada en carga a\u00e9rea, mar\u00edtima y terrestre<\/span><\/li>\n<\/ul>\n<p class=\"p4\"><span class=\"s2\"><b>Valencia:<\/b><\/span><\/p>\n<ul class=\"ul1\">\n<li class=\"li2\"><span class=\"s1\"><b>Identidad del Responsable:<\/b>\u00a0Asthon Cargo Valencia, S.L.<\/span><\/li>\n<li class=\"li2\"><span class=\"s1\"><b>NIF\/CIF:<\/b>\u00a0B96981949<\/span><\/li>\n<li class=\"li2\"><span class=\"s1\"><b>Direcci\u00f3n:<\/b>\u00a0Av. de Francia, 161 \u2013 Bajo, 46024 &#8211;<span class=\"Apple-converted-space\">\u00a0 <\/span>Valencia<\/span><\/li>\n<li class=\"li5\"><span class=\"s7\"><b>Correo electr\u00f3nico:<\/b>\u00a0<a href=\"mailto:valencia@asthoncargo.net\"><span class=\"s8\">valencia@asthoncargo.net<\/span><\/a><\/span><\/li>\n<li class=\"li2\"><span class=\"s1\"><b>Actividad:<\/b>\u00a0transporte internacional de mercanc\u00edas especializada en carga a\u00e9rea, mar\u00edtima y terrestre<\/span><\/li>\n<\/ul>\n<p class=\"p4\"><span class=\"s2\"><b>Bilbao:<\/b><\/span><\/p>\n<ul class=\"ul1\">\n<li class=\"li2\"><span class=\"s1\"><b>Identidad del Responsable:<\/b>\u00a0Asthon Cargo Bilbao, S.L.<\/span><\/li>\n<li class=\"li2\"><span class=\"s1\"><b>NIF\/CIF:<\/b>\u00a0B95092607<\/span><\/li>\n<li class=\"li2\"><span class=\"s1\"><b>Direcci\u00f3n:<\/b>\u00a0C\/ Iba\u00f1ez de Bilbao, 9, 48009 &#8211; Bilbao<\/span><\/li>\n<li class=\"li2\"><span class=\"s1\"><b>Correo electr\u00f3nico:<\/b>\u00a0<a href=\"mailto:bilbao@asthoncargo.es\"><span class=\"s9\">bilbao@asthoncargo.es<\/span><\/a><\/span><\/li>\n<li class=\"li2\"><span class=\"s1\"><b>Actividad:<\/b>\u00a0transporte internacional de mercanc\u00edas especializada en carga a\u00e9rea, mar\u00edtima y terrestre<\/span><\/li>\n<\/ul>\n<p class=\"p4\"><b>Vigo:<\/b><\/p>\n<ul class=\"ul1\">\n<li class=\"li2\"><span class=\"s1\"><b>Identidad del Responsable:<\/b>\u00a0Asthon Cargo Bilbao, S.L.<\/span><\/li>\n<li class=\"li2\"><span class=\"s1\"><b>NIF\/CIF:<\/b>\u00a0B95092607<\/span><\/li>\n<li class=\"li2\"><span class=\"s1\"><b>Direcci\u00f3n:<\/b>\u00a0C\/ Iba\u00f1ez de Bilbao, 9, 48009 &#8211; Bilbao<\/span><\/li>\n<li class=\"li2\"><span class=\"s1\"><b>Correo electr\u00f3nico:<\/b>\u00a0<a href=\"mailto:bilbao@asthoncargo.es\"><span class=\"s9\">bilbao@asthoncargo.es<\/span><\/a><\/span><\/li>\n<li class=\"li2\"><span class=\"s1\"><b>Actividad:<\/b>\u00a0transporte internacional de mercanc\u00edas especializada en carga a\u00e9rea, mar\u00edtima y terrestre<\/span><\/li>\n<\/ul>\n<p class=\"p4\"><b>Algeciras:<\/b><\/p>\n<ul class=\"ul1\">\n<li class=\"li2\"><span class=\"s1\"><b>Identidad del Responsable:<\/b>\u00a0Asthon Cargo Bilbao, S.L.<\/span><\/li>\n<li class=\"li2\"><span class=\"s1\"><b>NIF\/CIF:<\/b>\u00a0B95092607<\/span><\/li>\n<li class=\"li2\"><span class=\"s1\"><b>Direcci\u00f3n:<\/b>\u00a0C\/ Iba\u00f1ez de Bilbao, 9, 48009 &#8211; Bilbao<\/span><\/li>\n<li class=\"li2\"><span class=\"s1\"><b>Correo electr\u00f3nico:<\/b>\u00a0<a href=\"mailto:bilbao@asthoncargo.es\"><span class=\"s9\">bilbao@asthoncargo.es<\/span><\/a><\/span><\/li>\n<li class=\"li2\"><span class=\"s1\"><b>Actividad:<\/b>\u00a0transporte internacional de mercanc\u00edas especializada en carga a\u00e9rea, mar\u00edtima y terrestre<\/span><\/li>\n<\/ul>\n<p class=\"p2\"><span class=\"s1\">A efectos de lo previsto en el Reglamento General de Protecci\u00f3n de Datos antes citado, los datos personales que nos env\u00edes a trav\u00e9s de los formularios de la web, recibir\u00e1n el tratamiento de datos de \u201cUsuarios de la web y suscriptores\u201d.<\/span><\/p>\n<p class=\"p2\"><span class=\"s1\">Para el tratamiento de datos de nuestros usuarios, implementamos todas las medidas t\u00e9cnicas y organizativas de seguridad establecidas en la legislaci\u00f3n vigente.<b> <\/b><\/span><\/p>\n<p class=\"p2\"><span class=\"s1\"><b>Uso y Tratamiento de los Datos de los Usuarios<\/b><\/span><\/p>\n<p class=\"p2\"><span class=\"s1\">En esta declaraci\u00f3n de privacidad te explico qu\u00e9 datos personales recopilo de mis usuarios y c\u00f3mo los utilizo. Te animo a leer detenidamente estos t\u00e9rminos antes de facilitar tus datos personales en esta web. Los mayores de dieciseis a\u00f1os podr\u00e1n solicitar informaci\u00f3n http:\/\/www.asthoncargo.es sin el previo consentimiento de sus padres o tutores.<\/span><\/p>\n<p class=\"p2\"><span class=\"s1\">En el caso de los menores de dieciseis a\u00f1os se requiere el consentimiento de los padres o tutores para el tratamiento de sus datos personales.<\/span><\/p>\n<p class=\"p2\"><span class=\"s1\">En ning\u00fan caso se recabar\u00e1n del menor de edad datos relativos a la situaci\u00f3n profesional, econ\u00f3mica o a la intimidad de los otros miembros de la familia, sin el consentimiento de \u00e9stos.<\/span><\/p>\n<p class=\"p2\"><span class=\"s1\">Si eres menor de diecis\u00e9is a\u00f1os y has accedido a este sitio web sin avisar a tus padres no solicitar informaci\u00f3n.<\/span><\/p>\n<p class=\"p2\"><span class=\"s1\">En esta web se respetan y cuidan los datos personales de los usuarios. Como usuario debes saber que tus derechos est\u00e1n garantizados.<\/span><\/p>\n<p class=\"p2\"><span class=\"s1\">Utilizamos sus datos con distintas finalidades, que encontrar\u00e1 detalladas en este apartado.<\/span><\/p>\n<ul class=\"ul1\">\n<li class=\"li2\"><span class=\"s1\">Nunca solicitamos informaci\u00f3n personal a menos que realmente sea necesaria para prestarte los servicios que me requieras.<\/span><\/li>\n<li class=\"li2\"><span class=\"s1\">Nunca compartimos informaci\u00f3n personal de mis usuarios con nadie, excepto para cumplir con la ley o en caso que cuente con tu autorizaci\u00f3n expresa.<\/span><\/li>\n<li class=\"li2\"><span class=\"s1\">Nunca utilizamos tus datos personales con una finalidad diferente a la expresada en esta pol\u00edtica de privacidad.<\/span><\/li>\n<\/ul>\n<p class=\"p2\"><span class=\"s1\">Es preciso advertir que esta Pol\u00edtica de Privacidad podr\u00eda variar en funci\u00f3n de exigencias legislativas o de autorregulaci\u00f3n, por lo que se aconseja a los usuarios que la visiten peri\u00f3dicamente. Ser\u00e1 aplicable en caso de que los usuarios decidan rellenar alg\u00fan formulario de cualquiera de sus formularios de contacto donde se recaben datos de car\u00e1cter personal.<\/span><\/p>\n<p class=\"p2\"><span class=\"s1\">Asthon Cargo ha adecuado esta web a las exigencias de la Ley Org\u00e1nica 15\/1999, de 13 de diciembre, de Protecci\u00f3n de Datos de Car\u00e1cter Personal (LOPD), y al Real Decreto 1720\/2007, de 21 de diciembre, conocido como el Reglamento de desarrollo de la LOPD. Cumple tambi\u00e9n con el Reglamento (UE) 2016\/679 del Parlamento Europeo y del Consejo de 27 de abril de 2016 relativo a la protecci\u00f3n de las personas f\u00edsicas (RGPD), as\u00ed como con la Ley 34\/2002, de 11 de julio, de Servicios de la Sociedad de la Informaci\u00f3n y Comercio Electr\u00f3nico (LSSICE o LSSI).<\/span><\/p>\n<p class=\"p2\"><span class=\"s1\"><b>Principios que aplicaremos a tu informaci\u00f3n personal<\/b><\/span><\/p>\n<p class=\"p2\"><span class=\"s1\">En el tratamiento de tus datos personales, aplicaremos los siguientes principios que se ajustan a las exigencias del nuevo reglamento europeo de protecci\u00f3n de datos:<\/span><\/p>\n<ul class=\"ul1\">\n<li class=\"li2\"><span class=\"s1\"><b>Principio de licitud, lealtad y transparencia:<\/b>\u00a0Siempre voy a requerir tu consentimiento para el tratamiento de tus datos personales para uno o varios fines espec\u00edficos que te informar\u00e9 previamente con absoluta transparencia.<\/span><\/li>\n<li class=\"li2\"><span class=\"s1\"><b>Principio de minimizaci\u00f3n de datos:<\/b>\u00a0Solo voy a solicitar datos estrictamente necesarios en relaci\u00f3n con los fines para los que los requiero. Los m\u00ednimos posibles.<\/span><\/li>\n<li class=\"li2\"><span class=\"s1\"><b>Principio de limitaci\u00f3n del plazo de conservaci\u00f3n:<\/b>\u00a0los datos ser\u00e1n mantenidos durante no m\u00e1s tiempo del necesario para los fines del tratamiento, en funci\u00f3n a la finalidad, te informar\u00e9 del plazo de conservaci\u00f3n correspondiente, en el caso de suscripciones, peri\u00f3dicamente revisar\u00e9 mis listas y eliminar\u00e9 aquellos registros inactivos durante un tiempo considerable.<\/span><\/li>\n<li class=\"li2\"><span class=\"s1\"><b>Principio de integridad y confidencialidad:<\/b>\u00a0Tus datos ser\u00e1n tratados de tal manera que se garantice una seguridad adecuada de los datos personales y se garantice confidencialidad. Debes saber que tomo todas las precauciones necesarias para evitar el acceso no autorizado o uso indebido de los datos de mis usuarios por parte de terceros.<\/span><\/li>\n<\/ul>\n<p class=\"p2\"><span class=\"s1\"><b>\u00bfC\u00f3mo hemos obtenido tus datos?<\/b><\/span><\/p>\n<p class=\"p2\"><span class=\"s1\">Los datos personales que tratamos en Asthon Cargo proceden de:<\/span><\/p>\n<ul class=\"ul1\">\n<li class=\"li2\"><span class=\"s1\">Formulario de contacto<\/span><\/li>\n<li class=\"li2\"><span class=\"s1\">Formulario de subscripci\u00f3n<\/span><\/li>\n<li class=\"li2\"><span class=\"s1\">Comentarios en blog<\/span><\/li>\n<\/ul>\n<p class=\"p2\"><span class=\"s1\"><b>\u00bfCu\u00e1les son tus derechos cuando nos facilitas tus datos?<\/b><\/span><\/p>\n<p class=\"p2\"><span class=\"s1\">Cualquier persona tiene derecho a obtener confirmaci\u00f3n sobre si en Asthon Cargo estamos tratando datos personales que nos concierne, o no.<\/span><\/p>\n<p class=\"p2\"><span class=\"s1\">Las personas interesadas tienen derecho a:<\/span><\/p>\n<ul class=\"ul1\">\n<li class=\"li2\"><span class=\"s1\">Solicitar el acceso a los datos personales relativos al interesado<\/span><\/li>\n<li class=\"li2\"><span class=\"s1\">Solicitar su rectificaci\u00f3n o supresi\u00f3n<\/span><\/li>\n<li class=\"li2\"><span class=\"s1\">Solicitar la limitaci\u00f3n de su tratamiento<\/span><\/li>\n<li class=\"li2\"><span class=\"s1\">Oponerse al tratamiento<\/span><\/li>\n<li class=\"li2\"><span class=\"s1\">Solicitar la portabilidad de los datos<\/span><\/li>\n<\/ul>\n<p class=\"p2\"><span class=\"s1\">Los interesados podr\u00e1n\u00a0<b>acceder<\/b>\u00a0a sus datos personales, as\u00ed como a solicitar la\u00a0<b>rectificaci\u00f3n<\/b>\u00a0de los datos inexactos o, en su caso, solicitar su\u00a0<b>supresi\u00f3n<\/b>\u00a0cuando, entre otros motivos, los datos ya no sean necesarios para los fines que fueron recogidos. En determinadas circunstancias, los interesados podr\u00e1n solicitar la\u00a0<b>limitaci\u00f3n<\/b>\u00a0del tratamiento de sus datos, en cuyo caso \u00fanicamente los conservar\u00e9 para el ejercicio o la defensa de reclamaciones.<\/span><\/p>\n<p class=\"p2\"><span class=\"s1\">En determinadas circunstancias y por motivos relacionados con su situaci\u00f3n particular, los interesados podr\u00e1n\u00a0<b>oponerse<\/b>\u00a0al tratamiento de sus datos. Asthon Cargo dejar\u00e1 de tratar los datos, salvo por motivos leg\u00edtimos imperiosos, o el ejercicio o la defensa de posibles reclamaciones. C\u00f3mo interesado, tienes derecho a recibir los datos personales que te incumban, que me hayas facilitado y en un formato estructurado, de uso com\u00fan y lectura mec\u00e1nica, y a transmitirlos a otro responsable del tratamiento cuando:<\/span><\/p>\n<ul class=\"ul1\">\n<li class=\"li2\"><span class=\"s1\">El tratamiento est\u00e9 basado en el consentimiento<\/span><\/li>\n<li class=\"li2\"><span class=\"s1\">Los datos hayan sido facilitados por la persona interesada.<\/span><\/li>\n<li class=\"li2\"><span class=\"s1\">El tratamiento se efect\u00fae por medios automatizados.<\/span><\/li>\n<\/ul>\n<p class=\"p2\"><span class=\"s1\">Al ejercer tu derecho a la portabilidad de los datos, tendr\u00e1s derecho a que los datos personales se transmitan directamente de responsable a responsable cuando sea t\u00e9cnicamente posible.<\/span><\/p>\n<p class=\"p2\"><span class=\"s1\">Los interesados tambi\u00e9n tendr\u00e1n derecho a la tutela judicial efectiva y a presentar una reclamaci\u00f3n ante la autoridad de control, en este caso, la Agencia Espa\u00f1ola de Protecci\u00f3n de Datos, si consideran que el tratamiento de datos personales que le conciernen infringe el Reglamento.<\/span><\/p>\n<p class=\"p2\"><span class=\"s1\"><b>\u00bfCon qu\u00e9 finalidad tratamos tus datos personales?<\/b><\/span><\/p>\n<p class=\"p2\"><span class=\"s1\">Cuando un usuario se conecta con esta web por ejemplo para comentar un post, mandar un correo al titular, suscribirse o realizar alguna contrataci\u00f3n, est\u00e1 facilitando informaci\u00f3n de car\u00e1cter personal de la que es responsable Asthon Cargo. Esa informaci\u00f3n puede incluir datos de car\u00e1cter personal como pueden ser tu direcci\u00f3n IP, nombre, direcci\u00f3n f\u00edsica, direcci\u00f3n de correo electr\u00f3nico, n\u00famero de tel\u00e9fono, y otra informaci\u00f3n. Al facilitar esta informaci\u00f3n, el usuario da su consentimiento para que su informaci\u00f3n sea recopilada, utilizada, gestionada y almacenada por http:\/\/www.asthoncargo.es, s\u00f3lo como se describe en el Aviso Legal y en la presente Pol\u00edtica de Privacidad.<\/span><\/p>\n<p class=\"p2\"><span class=\"s1\">En Asthon Cargo existen los siguientes sistemas de captura de informaci\u00f3n personal y trato la informaci\u00f3n que nos facilitan las personas interesadas con el siguiente fin por cada sistema de captura (formularios):<\/span><\/p>\n<ul class=\"ul1\">\n<li class=\"li2\"><span class=\"s1\"><b>Formulario de contacto:<\/b>\u00a0Solicito los siguientes datos personales: Nombre, Email, Empresa, Tel\u00e9fono para responder a los requerimientos de los usuarios de http:\/\/www.asthoncargo.es. Por ejemplo, puedo utilizar esos datos para responder a tu solicitud y dar respuesta a las dudas, quejas, comentarios o inquietudes que puedas tener relativas a la informaci\u00f3n incluida en la web, los servicios que se prestan a trav\u00e9s de la web, el tratamiento de sus datos personales, cuestiones referentes a los textos legales incluidos en la web, as\u00ed como cualesquiera otras consultas que puedas tener y que no est\u00e9n sujetas a las condiciones de contrataci\u00f3n.<\/span><\/li>\n<\/ul>\n<p class=\"p2\"><span class=\"s1\">Existen otras finalidades por la que trato tus datos personales:<\/span><\/p>\n<ul class=\"ul1\">\n<li class=\"li2\"><span class=\"s1\">Para garantizar el cumplimiento de las condiciones de uso y la ley aplicable. Esto puede incluir el desarrollo de herramientas y algoritmos que ayudan a esta web a garantizar la confidencialidad de los datos personales que recoge.<\/span><\/li>\n<li class=\"li2\"><span class=\"s1\">Para apoyar y mejorar los servicios que ofrece esta web.<\/span><\/li>\n<li class=\"li3\"><span class=\"s1\">Tambi\u00e9n se recogen otros datos no identificativos que se obtienen mediante algunas cookies que se descargan en el ordenador del usuario cuando navega en esta web que detallo en la pol\u00edtica de cookies.<\/span><\/li>\n<li class=\"li3\"><span class=\"s1\">Para gestionar las redes sociales. Asthon Cargo puede tener presencia en redes sociales. El tratamiento de los datos que se lleve a cabo de las personas que se hagan seguidoras en las redes sociales de las p\u00e1ginas oficiales de https:\/\/asthoncargo.es, se regir\u00e1 por este apartado. As\u00ed como por aquellas condiciones de uso, pol\u00edticas de privacidad y normativas de acceso que pertenezcan a la red social que proceda en cada caso y aceptadas previamente por el usuario de Asthon Cargo. Tratar\u00e1 sus datos con las finalidades de administrar correctamente su presencia en la red social, informando de actividades, productos o servicios de Asthon Cargo. As\u00ed como para cualquier otra finalidad que las normativas de las redes sociales permitan. En ning\u00fan caso utilizaremos los perfiles de seguidores en redes sociales para enviar publicidad de manera individual.<\/span><\/li>\n<\/ul>\n<p class=\"p2\"><span class=\"s1\">Asthon Cargo, no vende, alquila ni cede datos de car\u00e1cter personal que puedan identificar al usuario, ni lo har\u00e1 en el futuro, a terceros sin el consentimiento previo. Sin embargo, en algunos casos se pueden realizar colaboraciones con otros profesionales, en esos casos, se requerir\u00e1 consentimiento a los usuarios informando sobre la identidad del colaborador y la finalidad de la colaboraci\u00f3n. Siempre se realizar\u00e1 con los m\u00e1s estrictos est\u00e1ndares de seguridad.<\/span><\/p>\n<p class=\"p2\"><span class=\"s1\"><b>Legitimaci\u00f3n para el tratamiento de tus datos<\/b><\/span><\/p>\n<p class=\"p2\"><span class=\"s1\">La base legal para el tratamiento de sus datos es: el consentimiento.<\/span><\/p>\n<p class=\"p2\"><span class=\"s1\">Para contactar o realizar comentarios en esta web se requiere el consentimiento con esta pol\u00edtica de privacidad.<\/span><\/p>\n<p class=\"p2\"><span class=\"s1\">La oferta prospectiva o comercial de productos y servicios est\u00e1 basada en el consentimiento que se le solicita, sin que en ning\u00fan caso la retirada de este consentimiento condicione la ejecuci\u00f3n del contrato de suscripci\u00f3n.<\/span><\/p>\n<p class=\"p2\"><span class=\"s1\"><b>Categor\u00eda de datos<\/b><\/span><\/p>\n<p class=\"p2\"><span class=\"s1\">Las categor\u00edas de datos que se tratan son datos identificativos.<\/span><\/p>\n<p class=\"p2\"><span class=\"s1\">No se tratan categor\u00edas de datos especialmente protegidos.<\/span><\/p>\n<p class=\"p2\"><span class=\"s1\"><b>Los datos personales proporcionados se conservar\u00e1n:<\/b><\/span><\/p>\n<ul class=\"ul1\">\n<li class=\"li2\"><span class=\"s1\">Hasta que no se solicite su supresi\u00f3n por el interesado.<\/span><\/li>\n<\/ul>\n<p class=\"p2\"><span class=\"s1\"><b>Secreto y Seguridad de los datos<\/b><\/span><\/p>\n<p class=\"p2\"><span class=\"s8\"><a href=\"http:\/\/www.asthoncargo.es\">http:\/\/www.asthoncargo.es<\/a><\/span><span class=\"s1\"> se compromete en el uso y tratamiento de los datos incluidos personales de los usuarios, respetando su confidencialidad y a utilizarlos de acuerdo con la finalidad del mismo, as\u00ed como a dar cumplimiento a su obligaci\u00f3n de guardarlos y adaptar todas las medidas para evitar la alteraci\u00f3n, p\u00e9rdida, tratamiento o acceso no autorizado, de conformidad con lo establecido en la normativa vigente de protecci\u00f3n de datos.<\/span><\/p>\n<p class=\"p2\"><span class=\"s1\">Esta web incluye un certificado SSL. Se trata de un protocolo de seguridad que hace que tus datos viajen de manera \u00edntegra y segura, es decir, la transmisi\u00f3n de los datos entre un servidor y usuario web, y en retroalimentaci\u00f3n, es totalmente cifrada o encriptada.<\/span><\/p>\n<p class=\"p2\"><span class=\"s1\">Con respecto a la confidencialidad del procesamiento, Asthon Cargo se asegurar\u00e1 de que cualquier persona que est\u00e9 autorizada por Asthon Cargo para procesar los datos del cliente (incluido su personal, colaboradores y prestadores), estar\u00e1 bajo la obligaci\u00f3n apropiada de confidencialidad (ya sea un deber contractual o legal).<\/span><\/p>\n<p class=\"p2\"><span class=\"s1\">Cuando se presente alg\u00fan incidente de seguridad, al darse cuenta Asthon Cargo, deber\u00e1 notificar al Cliente sin demoras indebidas y deber\u00e1 proporcionar informaci\u00f3n oportuna relacionada con el Incidente de Seguridad tal como se conozca o cuando el Cliente lo solicite razonablemente.<\/span><\/p>\n<p class=\"p2\"><span class=\"s1\">Desde asthoncargo.es nos comprometemos con el cumplimiento de la obligaci\u00f3n de secreto de los datos de car\u00e1cter personal y el deber de guardarlos, y adoptaremos las medidas de \u00edndole t\u00e9cnica y organizativa necesarias que garanticen la seguridad de los datos de car\u00e1cter personal y eviten su alteraci\u00f3n, p\u00e9rdida, tratamiento o acceso no autorizado, habida cuenta del estado de la tecnolog\u00eda, de acuerdo con lo establecido por el RLOPD.<\/span><\/p>\n<p class=\"p2\"><span class=\"s1\"><b>Ejercicio de los derechos de acceso, rectificaci\u00f3n, cancelaci\u00f3n u oposici\u00f3n<\/b><\/span><\/p>\n<p class=\"p2\"><span class=\"s1\">Como usuario, podr\u00e1s dirigir sus comunicaciones y ejercitar tus derechos de acceso, rectificaci\u00f3n, cancelaci\u00f3n y oposici\u00f3n a trav\u00e9s de correo electr\u00f3nico de cada uno de los responsables indicados anteriormente junto con prueba v\u00e1lida en derecho, como fotocopia del D.N.I. o equivalente, indicando en el asunto \u201cPROTECCI\u00d3N DE DATOS\u201d.<\/span><\/p>\n<p class=\"p2\"><span class=\"s1\">Si en alg\u00fan momento quieres desaparecer del sistema, puedes enviarnos un e-mail y te daremos de baja sin rechistar ni ponerte las cosas dif\u00edciles. Por otra parte, si eres suscriptor, en todos los correos que recibas por nuestra parte, siempre tendr\u00e1s un enlace al final del mismo donde podr\u00e1s cancelar la suscripci\u00f3n y dejar de recibir comunicaciones.<\/span><\/p>\n<p class=\"p2\"><span class=\"s1\">En definitiva, que por nosotros es genial tenerte aqu\u00ed, pero como no queremos ser una molestia, siempre te pondremos las cosas f\u00e1ciles para que puedas darte de baja cuando quieras.<\/span><\/p>\n<p class=\"p2\"><span class=\"s1\"><b>Exactitud y veracidad de los datos<\/b><\/span><\/p>\n<p class=\"p2\"><span class=\"s1\">Como usuario, eres el \u00fanico responsable de la veracidad y correcci\u00f3n de los datos que remitas a http:\/\/asthoncargo.es exonerando a Asthon Cargo, de cualquier responsabilidad al respecto.<\/span><\/p>\n<p class=\"p2\"><span class=\"s1\">Los usuarios garantizan y responden, en cualquier caso, de la exactitud, vigencia y autenticidad de los datos personales facilitados, y se comprometen a mantenerlos debidamente actualizados. El usuario acepta proporcionar informaci\u00f3n completa y correcta en el formulario de contacto o suscripci\u00f3n.<\/span><\/p>\n<p class=\"p2\"><span class=\"s1\"><b>Aceptaci\u00f3n y consentimiento<\/b><\/span><\/p>\n<p class=\"p2\"><span class=\"s1\">Como usuario, declaras haber sido informado de las condiciones sobre protecci\u00f3n de datos de car\u00e1cter personal, aceptando y consintiendo el tratamiento de los mismos por parte de ASTHONCARGO.ES, en la forma y para las finalidades indicadas en la presente Pol\u00edtica de Privacidad.<\/span><\/p>\n<p class=\"p2\"><span class=\"s1\"><b>Cambios en la pol\u00edtica de privacidad<\/b><\/span><\/p>\n<p class=\"p2\"><span class=\"s1\">Asthon Cargo se reserva el derecho a modificar la presente pol\u00edtica para adaptarla a novedades legislativas o jurisprudenciales, as\u00ed como a pr\u00e1cticas de la industria. En dichos supuestos, Asthon Cargo anunciar\u00e1 en esta p\u00e1gina los cambios introducidos con razonable antelaci\u00f3n a su puesta en pr\u00e1ctica.<\/span><\/p>\n<p class=\"p2\"><span class=\"s1\"><b>Correos comerciales<\/b><\/span><\/p>\n<p class=\"p2\"><span class=\"s1\">De acuerdo con la LSSICE, en ASTHONCARGO.ES. <b>no realizamos pr\u00e1cticas de SPAM.\u00a0<\/b><\/span><\/p>\n<p class=\"p2\"><span class=\"s1\">No enviamos correos comerciales por v\u00eda electr\u00f3nica que no hayan sido previamente solicitados o autorizados por ti. En consecuencia, en cada uno de los formularios habidos en la p\u00e1gina web, tienes la posibilidad de dar tu consentimiento expreso para recibir nuestra \u201cnewsletter\u201d, con independencia de la informaci\u00f3n comercial puntualmente solicitada.<\/span><\/p>\n<p class=\"p10\"><span class=\"s1\">Si tiene alguna pregunta en relaci\u00f3n con el uso que hacemos de su informaci\u00f3n, contacte<span class=\"Apple-converted-space\">\u00a0 <\/span>con nosotros a trav\u00e9s del correo electr\u00f3nico de la delegaci\u00f3n que corresponda<\/span><\/p>\n<p class=\"p11\"><span class=\"s1\">Si no est\u00e1 satisfecho con la manera en que utilizamos su informaci\u00f3n o con nuestra respuesta ante el ejercicio de cualquiera de estos derechos, puede presentar una reclamaci\u00f3n ante la Agencia Espa\u00f1ola de Protecci\u00f3n de Datos (<a href=\"http:\/\/www.agpd.es\/\"><span class=\"s10\">www.agpd.es<\/span><\/a>).\u00a0<\/span><\/p>\n<p>&nbsp;<\/p>\n","protected":false},"excerpt":{"rendered":"<p>Responsable del tratamiento de datos personales en funci\u00f3n de la oficina seleccionada: Madrid: Identidad del Responsable:\u00a0Asthon Cargo Valencia, S.L. NIF\/CIF:\u00a0B96981949 Direcci\u00f3n:\u00a0Av. de Francia, 161 \u2013 Bajo, 46024 &#8211;\u00a0\u00a0Valencia Correo electr\u00f3nico:\u00a0valencia@asthoncargo.net Actividad:\u00a0transporte internacional de mercanc\u00edas especializada en carga a\u00e9rea, mar\u00edtima y terrestre Barcelona: Identidad del Responsable:\u00a0Asthon Cargo Barcelona, S.L. NIF\/CIF:\u00a0B66911520 Direcci\u00f3n:\u00a0C\/ Joan D&#8217;austria Num.126 P.4 Pta.1 [&hellip;]<\/p>\n","protected":false},"author":1,"featured_media":0,"parent":0,"menu_order":0,"comment_status":"closed","ping_status":"closed","template":"","meta":[],"_links":{"self":[{"href":"http:\/\/www.asthoncargo.es\/web\/en\/wp-json\/wp\/v2\/pages\/2371"}],"collection":[{"href":"http:\/\/www.asthoncargo.es\/web\/en\/wp-json\/wp\/v2\/pages"}],"about":[{"href":"http:\/\/www.asthoncargo.es\/web\/en\/wp-json\/wp\/v2\/types\/page"}],"author":[{"embeddable":true,"href":"http:\/\/www.asthoncargo.es\/web\/en\/wp-json\/wp\/v2\/users\/1"}],"replies":[{"embeddable":true,"href":"http:\/\/www.asthoncargo.es\/web\/en\/wp-json\/wp\/v2\/comments?post=2371"}],"version-history":[{"count":14,"href":"http:\/\/www.asthoncargo.es\/web\/en\/wp-json\/wp\/v2\/pages\/2371\/revisions"}],"predecessor-version":[{"id":3537,"href":"http:\/\/www.asthoncargo.es\/web\/en\/wp-json\/wp\/v2\/pages\/2371\/revisions\/3537"}],"wp:attachment":[{"href":"http:\/\/www.asthoncargo.es\/web\/en\/wp-json\/wp\/v2\/media?parent=2371"}],"curies":[{"name":"wp","href":"https:\/\/api.w.org\/{rel}","templated":true}]}}